{"id":671,"date":"2023-11-26T11:18:12","date_gmt":"2023-11-26T16:18:12","guid":{"rendered":"https:\/\/racines.uqam.ca\/etude-sur-la-resilience-et-le-stress-perinatal-en-temps-de-pandemie-resppa\/"},"modified":"2024-05-01T16:40:30","modified_gmt":"2024-05-01T20:40:30","slug":"etude-sur-la-resilience-et-le-stress-perinatal-en-temps-de-pandemie-resppa","status":"publish","type":"page","link":"https:\/\/racines.uqam.ca\/en\/etude-sur-la-resilience-et-le-stress-perinatal-en-temps-de-pandemie-resppa\/","title":{"rendered":"Study on resilience and perinatal stress during the pandemic\u00a0(RESPPA)"},"content":{"rendered":"\n<p>The RESPPA study, led by Dr. Herba, seeks to better understand the associations between various factors linked to the COVID-19 pandemic, the psychological health of pregnant women, the course of pregnancy and the development of the child. These factors are, for example: well-being, measures of social distancing, stress, resilience, diet, physical activity, family situation,&nbsp;etc.<\/p>\n\n\n\n<p>The RESPPA study is a longitudinal study, meaning that we will follow our participants and their families at different points in time. It is being carried out in different regions of Quebec, and relies on solid intersectoral and interregional collaboration.<\/p>\n\n\n\n<p>For more information:\u00a0<a href=\"https:\/\/www.resppa.ca\/?lang=en\" target=\"_blank\" rel=\"noreferrer noopener\">www.resppa.ca<\/a><\/p>\n\n\n\n<div class=\"wp-block-columns is-layout-flex wp-container-core-columns-is-layout-9d6595d7 wp-block-columns-is-layout-flex\">\n<div class=\"wp-block-column is-layout-flow wp-block-column-is-layout-flow\" style=\"flex-basis:100%\"><div class=\"wp-block-image\">\n<figure class=\"alignleft size-full\"><img loading=\"lazy\" decoding=\"async\" width=\"106\" height=\"160\" src=\"https:\/\/racines.uqam.ca\/wp-content\/uploads\/sites\/111\/2023\/11\/image.png\" alt=\"\" class=\"wp-image-199\" \/><\/figure>\n<\/div><\/div>\n<\/div>\n","protected":false},"excerpt":{"rendered":"<p>The RESPPA study, led by Dr. Herba, seeks to better understand the associations between various factors linked to the COVID-19 pandemic, the psychological health of pregnant women, the course of pregnancy and the development of the child. These factors are, for example: well-being, measures of social distancing, stress, resilience, diet, physical activity, family situation,&nbsp;etc. The [&hellip;]<\/p>\n","protected":false},"author":440,"featured_media":0,"parent":0,"menu_order":0,"comment_status":"closed","ping_status":"closed","template":"","meta":{"footnotes":""},"categories":[],"class_list":["post-671","page","type-page","status-publish","hentry"],"yoast_head":"<!-- This site is optimized with the Yoast SEO Premium plugin v27.4 (Yoast SEO v27.4) - https:\/\/yoast.com\/product\/yoast-seo-premium-wordpress\/ -->\n<title>Study on resilience and perinatal stress during the pandemic\u00a0(RESPPA) | Labo RACINES : R\u00e9silience et sAnt\u00e9 psyChologique \u00e0 la p\u00e9riode p\u00e9rInatale, \u00e0 l\u2019enfaNce et l\u2019adolEScence | UQAM<\/title>\n<meta name=\"robots\" content=\"index, follow, max-snippet:-1, max-image-preview:large, max-video-preview:-1\" \/>\n<link rel=\"canonical\" href=\"https:\/\/racines.uqam.ca\/en\/etude-sur-la-resilience-et-le-stress-perinatal-en-temps-de-pandemie-resppa\/\" \/>\n<meta property=\"og:locale\" content=\"en_US\" \/>\n<meta property=\"og:type\" content=\"article\" \/>\n<meta property=\"og:title\" content=\"Study on resilience and perinatal stress during the pandemic\u00a0(RESPPA)\" \/>\n<meta property=\"og:description\" content=\"The RESPPA study, led by Dr. Herba, seeks to better understand the associations between various factors linked to the COVID-19 pandemic, the psychological health of pregnant women, the course of pregnancy and the development of the child. These factors are, for example: well-being, measures of social distancing, stress, resilience, diet, physical activity, family situation,&nbsp;etc. The [&hellip;]\" \/>\n<meta property=\"og:url\" content=\"https:\/\/racines.uqam.ca\/en\/etude-sur-la-resilience-et-le-stress-perinatal-en-temps-de-pandemie-resppa\/\" \/>\n<meta property=\"og:site_name\" content=\"Labo RACINES : R\u00e9silience et sAnt\u00e9 psyChologique \u00e0 la p\u00e9riode p\u00e9rInatale, \u00e0 l\u2019enfaNce et l\u2019adolEScence\" \/>\n<meta property=\"article:modified_time\" content=\"2024-05-01T20:40:30+00:00\" \/>\n<meta property=\"og:image\" content=\"https:\/\/racines.uqam.ca\/wp-content\/uploads\/sites\/111\/2023\/11\/image.png\" \/>\n<meta name=\"twitter:card\" content=\"summary_large_image\" \/>\n<meta name=\"twitter:label1\" content=\"Est. reading time\" \/>\n\t<meta name=\"twitter:data1\" content=\"1 minute\" \/>\n<script type=\"application\/ld+json\" class=\"yoast-schema-graph\">{\"@context\":\"https:\\\/\\\/schema.org\",\"@graph\":[{\"@type\":\"WebPage\",\"@id\":\"https:\\\/\\\/racines.uqam.ca\\\/en\\\/etude-sur-la-resilience-et-le-stress-perinatal-en-temps-de-pandemie-resppa\\\/\",\"url\":\"https:\\\/\\\/racines.uqam.ca\\\/en\\\/etude-sur-la-resilience-et-le-stress-perinatal-en-temps-de-pandemie-resppa\\\/\",\"name\":\"Study on resilience and perinatal stress during the pandemic\u00a0(RESPPA) | Labo RACINES : R\u00e9silience et sAnt\u00e9 psyChologique \u00e0 la p\u00e9riode p\u00e9rInatale, \u00e0 l\u2019enfaNce et l\u2019adolEScence | UQAM\",\"isPartOf\":{\"@id\":\"https:\\\/\\\/racines.uqam.ca\\\/#website\"},\"primaryImageOfPage\":{\"@id\":\"https:\\\/\\\/racines.uqam.ca\\\/en\\\/etude-sur-la-resilience-et-le-stress-perinatal-en-temps-de-pandemie-resppa\\\/#primaryimage\"},\"image\":{\"@id\":\"https:\\\/\\\/racines.uqam.ca\\\/en\\\/etude-sur-la-resilience-et-le-stress-perinatal-en-temps-de-pandemie-resppa\\\/#primaryimage\"},\"thumbnailUrl\":\"https:\\\/\\\/racines.uqam.ca\\\/wp-content\\\/uploads\\\/sites\\\/111\\\/2023\\\/11\\\/image.png\",\"datePublished\":\"2023-11-26T16:18:12+00:00\",\"dateModified\":\"2024-05-01T20:40:30+00:00\",\"breadcrumb\":{\"@id\":\"https:\\\/\\\/racines.uqam.ca\\\/en\\\/etude-sur-la-resilience-et-le-stress-perinatal-en-temps-de-pandemie-resppa\\\/#breadcrumb\"},\"inLanguage\":\"en-US\",\"potentialAction\":[{\"@type\":\"ReadAction\",\"target\":[\"https:\\\/\\\/racines.uqam.ca\\\/en\\\/etude-sur-la-resilience-et-le-stress-perinatal-en-temps-de-pandemie-resppa\\\/\"]}]},{\"@type\":\"ImageObject\",\"inLanguage\":\"en-US\",\"@id\":\"https:\\\/\\\/racines.uqam.ca\\\/en\\\/etude-sur-la-resilience-et-le-stress-perinatal-en-temps-de-pandemie-resppa\\\/#primaryimage\",\"url\":\"https:\\\/\\\/racines.uqam.ca\\\/wp-content\\\/uploads\\\/sites\\\/111\\\/2023\\\/11\\\/image.png\",\"contentUrl\":\"https:\\\/\\\/racines.uqam.ca\\\/wp-content\\\/uploads\\\/sites\\\/111\\\/2023\\\/11\\\/image.png\"},{\"@type\":\"BreadcrumbList\",\"@id\":\"https:\\\/\\\/racines.uqam.ca\\\/en\\\/etude-sur-la-resilience-et-le-stress-perinatal-en-temps-de-pandemie-resppa\\\/#breadcrumb\",\"itemListElement\":[{\"@type\":\"ListItem\",\"position\":1,\"name\":\"UQAM\",\"item\":\"https:\\\/\\\/uqam.ca\"},{\"@type\":\"ListItem\",\"position\":2,\"name\":\"Labo RACINES\",\"item\":\"https:\\\/\\\/racines.uqam.ca\\\/en\\\/\"},{\"@type\":\"ListItem\",\"position\":3,\"name\":\"Study on resilience and perinatal stress during the pandemic\u00a0(RESPPA)\"}]},{\"@type\":\"WebSite\",\"@id\":\"https:\\\/\\\/racines.uqam.ca\\\/#website\",\"url\":\"https:\\\/\\\/racines.uqam.ca\\\/\",\"name\":\"Labo RACINES : R\u00e9silience et sAnt\u00e9 psyChologique \u00e0 la p\u00e9riode p\u00e9rInatale, \u00e0 l\u2019enfaNce et l\u2019adolEScence\",\"description\":\"\",\"publisher\":{\"@id\":\"https:\\\/\\\/racines.uqam.ca\\\/#organization\"},\"potentialAction\":[{\"@type\":\"SearchAction\",\"target\":{\"@type\":\"EntryPoint\",\"urlTemplate\":\"https:\\\/\\\/racines.uqam.ca\\\/en\\\/\\\/recherche\\\/?q={search_term_string}\"},\"query-input\":{\"@type\":\"PropertyValueSpecification\",\"valueRequired\":true,\"valueName\":\"search_term_string\"}}],\"inLanguage\":\"en-US\",\"alternateName\":\"Labo RACINES\"},{\"@type\":\"Organization\",\"@id\":\"https:\\\/\\\/racines.uqam.ca\\\/#organization\",\"name\":\"Labo RACINES\",\"url\":\"https:\\\/\\\/racines.uqam.ca\\\/\",\"logo\":{\"@type\":\"ImageObject\",\"inLanguage\":\"en-US\",\"@id\":\"https:\\\/\\\/racines.uqam.ca\\\/#\\\/schema\\\/logo\\\/image\\\/\",\"url\":\"https:\\\/\\\/gabarit-adaptatif.uqam.ca\\\/statique\\\/images\\\/logo-uqam.jpg\",\"contentUrl\":\"\",\"caption\":\"Labo RACINES\"},\"image\":{\"@id\":\"https:\\\/\\\/racines.uqam.ca\\\/#\\\/schema\\\/logo\\\/image\\\/\"},\"alternateName\":\"Labo RACINES\",\"parentOrganization\":{\"@type\":\"EducationalOrganization\",\"@id\":\"https:\\\/\\\/uqam.ca\\\/#organization\",\"name\":\"Universit\u00e9 du Qu\u00e9bec \u00e0 Montr\u00e9al\",\"url\":\"https:\\\/\\\/uqam.ca\",\"alternateName\":\"UQAM\",\"logo\":\"https:\\\/\\\/gabarit-adaptatif.uqam.ca\\\/statique\\\/images\\\/logo-uqam.jpg\"}}]}<\/script>\n<!-- \/ Yoast SEO Premium plugin. -->","yoast_head_json":{"title":"Study on resilience and perinatal stress during the pandemic\u00a0(RESPPA) | Labo RACINES : R\u00e9silience et sAnt\u00e9 psyChologique \u00e0 la p\u00e9riode p\u00e9rInatale, \u00e0 l\u2019enfaNce et l\u2019adolEScence | UQAM","robots":{"index":"index","follow":"follow","max-snippet":"max-snippet:-1","max-image-preview":"max-image-preview:large","max-video-preview":"max-video-preview:-1"},"canonical":"https:\/\/racines.uqam.ca\/en\/etude-sur-la-resilience-et-le-stress-perinatal-en-temps-de-pandemie-resppa\/","og_locale":"en_US","og_type":"article","og_title":"Study on resilience and perinatal stress during the pandemic\u00a0(RESPPA)","og_description":"The RESPPA study, led by Dr. Herba, seeks to better understand the associations between various factors linked to the COVID-19 pandemic, the psychological health of pregnant women, the course of pregnancy and the development of the child. These factors are, for example: well-being, measures of social distancing, stress, resilience, diet, physical activity, family situation,&nbsp;etc. The [&hellip;]","og_url":"https:\/\/racines.uqam.ca\/en\/etude-sur-la-resilience-et-le-stress-perinatal-en-temps-de-pandemie-resppa\/","og_site_name":"Labo RACINES : R\u00e9silience et sAnt\u00e9 psyChologique \u00e0 la p\u00e9riode p\u00e9rInatale, \u00e0 l\u2019enfaNce et l\u2019adolEScence","article_modified_time":"2024-05-01T20:40:30+00:00","og_image":[{"url":"https:\/\/racines.uqam.ca\/wp-content\/uploads\/sites\/111\/2023\/11\/image.png","type":"","width":"","height":""}],"twitter_card":"summary_large_image","twitter_misc":{"Est. reading time":"1 minute"},"schema":{"@context":"https:\/\/schema.org","@graph":[{"@type":"WebPage","@id":"https:\/\/racines.uqam.ca\/en\/etude-sur-la-resilience-et-le-stress-perinatal-en-temps-de-pandemie-resppa\/","url":"https:\/\/racines.uqam.ca\/en\/etude-sur-la-resilience-et-le-stress-perinatal-en-temps-de-pandemie-resppa\/","name":"Study on resilience and perinatal stress during the pandemic\u00a0(RESPPA) | Labo RACINES : R\u00e9silience et sAnt\u00e9 psyChologique \u00e0 la p\u00e9riode p\u00e9rInatale, \u00e0 l\u2019enfaNce et l\u2019adolEScence | UQAM","isPartOf":{"@id":"https:\/\/racines.uqam.ca\/#website"},"primaryImageOfPage":{"@id":"https:\/\/racines.uqam.ca\/en\/etude-sur-la-resilience-et-le-stress-perinatal-en-temps-de-pandemie-resppa\/#primaryimage"},"image":{"@id":"https:\/\/racines.uqam.ca\/en\/etude-sur-la-resilience-et-le-stress-perinatal-en-temps-de-pandemie-resppa\/#primaryimage"},"thumbnailUrl":"https:\/\/racines.uqam.ca\/wp-content\/uploads\/sites\/111\/2023\/11\/image.png","datePublished":"2023-11-26T16:18:12+00:00","dateModified":"2024-05-01T20:40:30+00:00","breadcrumb":{"@id":"https:\/\/racines.uqam.ca\/en\/etude-sur-la-resilience-et-le-stress-perinatal-en-temps-de-pandemie-resppa\/#breadcrumb"},"inLanguage":"en-US","potentialAction":[{"@type":"ReadAction","target":["https:\/\/racines.uqam.ca\/en\/etude-sur-la-resilience-et-le-stress-perinatal-en-temps-de-pandemie-resppa\/"]}]},{"@type":"ImageObject","inLanguage":"en-US","@id":"https:\/\/racines.uqam.ca\/en\/etude-sur-la-resilience-et-le-stress-perinatal-en-temps-de-pandemie-resppa\/#primaryimage","url":"https:\/\/racines.uqam.ca\/wp-content\/uploads\/sites\/111\/2023\/11\/image.png","contentUrl":"https:\/\/racines.uqam.ca\/wp-content\/uploads\/sites\/111\/2023\/11\/image.png"},{"@type":"BreadcrumbList","@id":"https:\/\/racines.uqam.ca\/en\/etude-sur-la-resilience-et-le-stress-perinatal-en-temps-de-pandemie-resppa\/#breadcrumb","itemListElement":[{"@type":"ListItem","position":1,"name":"UQAM","item":"https:\/\/uqam.ca"},{"@type":"ListItem","position":2,"name":"Labo RACINES","item":"https:\/\/racines.uqam.ca\/en\/"},{"@type":"ListItem","position":3,"name":"Study on resilience and perinatal stress during the pandemic\u00a0(RESPPA)"}]},{"@type":"WebSite","@id":"https:\/\/racines.uqam.ca\/#website","url":"https:\/\/racines.uqam.ca\/","name":"Labo RACINES : R\u00e9silience et sAnt\u00e9 psyChologique \u00e0 la p\u00e9riode p\u00e9rInatale, \u00e0 l\u2019enfaNce et l\u2019adolEScence","description":"","publisher":{"@id":"https:\/\/racines.uqam.ca\/#organization"},"potentialAction":[{"@type":"SearchAction","target":{"@type":"EntryPoint","urlTemplate":"https:\/\/racines.uqam.ca\/en\/\/recherche\/?q={search_term_string}"},"query-input":{"@type":"PropertyValueSpecification","valueRequired":true,"valueName":"search_term_string"}}],"inLanguage":"en-US","alternateName":"Labo RACINES"},{"@type":"Organization","@id":"https:\/\/racines.uqam.ca\/#organization","name":"Labo RACINES","url":"https:\/\/racines.uqam.ca\/","logo":{"@type":"ImageObject","inLanguage":"en-US","@id":"https:\/\/racines.uqam.ca\/#\/schema\/logo\/image\/","url":"https:\/\/gabarit-adaptatif.uqam.ca\/statique\/images\/logo-uqam.jpg","contentUrl":"","caption":"Labo RACINES"},"image":{"@id":"https:\/\/racines.uqam.ca\/#\/schema\/logo\/image\/"},"alternateName":"Labo RACINES","parentOrganization":{"@type":"EducationalOrganization","@id":"https:\/\/uqam.ca\/#organization","name":"Universit\u00e9 du Qu\u00e9bec \u00e0 Montr\u00e9al","url":"https:\/\/uqam.ca","alternateName":"UQAM","logo":"https:\/\/gabarit-adaptatif.uqam.ca\/statique\/images\/logo-uqam.jpg"}}]}},"_links":{"self":[{"href":"https:\/\/racines.uqam.ca\/en\/wp-json\/wp\/v2\/pages\/671","targetHints":{"allow":["GET"]}}],"collection":[{"href":"https:\/\/racines.uqam.ca\/en\/wp-json\/wp\/v2\/pages"}],"about":[{"href":"https:\/\/racines.uqam.ca\/en\/wp-json\/wp\/v2\/types\/page"}],"author":[{"embeddable":true,"href":"https:\/\/racines.uqam.ca\/en\/wp-json\/wp\/v2\/users\/440"}],"replies":[{"embeddable":true,"href":"https:\/\/racines.uqam.ca\/en\/wp-json\/wp\/v2\/comments?post=671"}],"version-history":[{"count":3,"href":"https:\/\/racines.uqam.ca\/en\/wp-json\/wp\/v2\/pages\/671\/revisions"}],"predecessor-version":[{"id":677,"href":"https:\/\/racines.uqam.ca\/en\/wp-json\/wp\/v2\/pages\/671\/revisions\/677"}],"wp:attachment":[{"href":"https:\/\/racines.uqam.ca\/en\/wp-json\/wp\/v2\/media?parent=671"}],"wp:term":[{"taxonomy":"category","embeddable":true,"href":"https:\/\/racines.uqam.ca\/en\/wp-json\/wp\/v2\/categories?post=671"}],"curies":[{"name":"wp","href":"https:\/\/api.w.org\/{rel}","templated":true}]}}